{"id":210,"date":"2022-12-07T13:43:09","date_gmt":"2022-12-07T12:43:09","guid":{"rendered":"https:\/\/www.decodegroup.hu\/?page_id=210"},"modified":"2026-01-15T14:51:58","modified_gmt":"2026-01-15T13:51:58","slug":"rolunk-2","status":"publish","type":"page","link":"https:\/\/www.decodegroup.hu\/en\/rolunk-2\/","title":{"rendered":"R\u00d3LUNK en"},"content":{"rendered":"\n<h2 class=\"wp-block-heading\">AVAGY \u00cdGY DOLGOZUNK MI<\/h2>\n\n\n\n<p>A DeCode Group rekl\u00e1m\u00fcgyn\u00f6ks\u00e9g 2013-ben ker\u00fclt megalap\u00edt\u00e1sra. T\u00f6bb mint 25 \u00e9ves tapasztalattal rendelkez\u00fcnk a hazai \u00e9s nemzetk\u00f6zi rekl\u00e1m- \u00e9s kommunik\u00e1ci\u00f3s szakm\u00e1ban. Hisz\u00fcnk benne, hogy naponta v\u00e1ltoz\u00f3 vil\u00e1gunkban <strong>strat\u00e9giailag j\u00f3l megalapozott, adatokra \u00e9p\u00fcl\u0151 megold\u00e1sokat<\/strong> kell ny\u00fajtanunk \u00fcgyfeleinknek, mivel a m\u00e1rka csak \u00edgy tarthat l\u00e9p\u00e9st a fogyaszt\u00f3k \u00e9s v\u00e1s\u00e1rl\u00f3k gyorsan v\u00e1ltoz\u00f3 ig\u00e9nyeivel.<\/p>\n\n\n\n<p>Olyan \u00fcgyn\u00f6ks\u00e9gi modellt \u00e9p\u00edtett\u00fcnk fel, amely <strong>flexibilis \u00e9s az ig\u00e9nyek szerint alak\u00edthat\u00f3<\/strong>, de egyben rendk\u00edv\u00fcl <strong>k\u00f6lts\u00e9ghat\u00e9kony <\/strong>is. Szak\u00e9rtelemben a legnagyobb \u00fcgyn\u00f6ks\u00e9gek sem k\u00f6r\u00f6zhetnek le minket, ugyanakkor nem cipelj\u00fck a nagy szervezetek k\u00f6lts\u00e9geit \u2013 \u00edgy tudunk nemcsak szakmai, hanem k\u00f6lts\u00e9ghat\u00e9konys\u00e1g szempontj\u00e1b\u00f3l is kimagasl\u00f3t ny\u00fajtani \u00fcgyfeleink sz\u00e1m\u00e1ra.<\/p>\n\n\n\n<p>\u00d6nc\u00e9l\u00fa helyett m\u00e1rkac\u00e9l\u00fa! Hissz\u00fck, hogy <strong>a kreativit\u00e1s nem lehet \u00f6nc\u00e9l\u00fa, \u00e9s a m\u00e1rka \u00fczleti c\u00e9ljai \u00e1llnak mindenek felett!<\/strong> Hogy mi a k\u00fcl\u00f6nbs\u00e9g? A piaci k\u00f6rnyezetet, a trendeket, a m\u00e1rkat\u00f6rt\u00e9netet, a c\u00e9lokat \u00e9s term\u00e9szetesen a fogyaszt\u00f3k gondolatvil\u00e1g\u00e1t fel\u00f6lel\u0151, ugyanakkor j\u00f6v\u0151be mutat\u00f3, inspir\u00e1l\u00f3 <strong>strat\u00e9gia<\/strong>. \u00c9s ez a mi egyik legnagyobb er\u0151ss\u00e9g\u00fcnk.<\/p>\n\n\n\n<hr class=\"wp-block-separator has-alpha-channel-opacity is-style-dots\"\/>\n\n\n\n<h2 class=\"wp-block-heading\">CSAPATUNK<\/h2>\n\n\n<div class=\"section-teammember\"><div class=\"team_column\"><div class=\"hover panel\"><div class=\"front\"><div class=\"box1\"><a href=\"https:\/\/www.decodegroup.hu\/en\/our-team\/team-name-1\/\"><img decoding=\"async\" src=\"https:\/\/www.decodegroup.hu\/wp-content\/uploads\/2025\/11\/bea.jpg\" alt=\" \" \/><\/a><\/div><\/div>\n\t\t\t\t<div class=\"back\"><div class=\"box2\"><h5><a href=\"https:\/\/www.decodegroup.hu\/en\/our-team\/team-name-1\/\" title=\"Kucsma Be\u00e1ta\">Kucsma Be\u00e1ta<\/a><\/h5>\n\t\t\t\t<span class=\"member-designation\">Account Director<\/span>\n\t\t\t\t T\u00f6bb mint 20 \u00e9v tapasztalat hazai \u00e9s nemzetk\u00f6zi \u00fcgyf\u00e9lkapcsolatban\r\nKiemelt szak\u00e9rtelem: strat\u00e9giai tervez\u00e9s \u00e9s TV produkci\u00f3\n\t\t\t\t <div class=\"member-social-icon\"><\/div><div class=\"clear\"><\/div><\/div><\/div><\/div><\/div><div class=\"team_column\"><div class=\"hover panel\"><div class=\"front\"><div class=\"box1\"><a href=\"https:\/\/www.decodegroup.hu\/en\/our-team\/team-name-2\/\"><img decoding=\"async\" src=\"https:\/\/www.decodegroup.hu\/wp-content\/uploads\/2023\/01\/Tina.png\" alt=\" \" \/><\/a><\/div><\/div>\n\t\t\t\t<div class=\"back\"><div class=\"box2\"><h5><a href=\"https:\/\/www.decodegroup.hu\/en\/our-team\/team-name-2\/\" title=\"Varga Tina\">Varga Tina<\/a><\/h5>\n\t\t\t\t<span class=\"member-designation\">\u00dcgyvezet\u0151 Igazgat\u00f3\/Tulajdonos<\/span>\n\t\t\t\t <p>T\u00f6bb mint h\u00fasz \u00e9v tapasztalat marketing, \u00e9s v\u00e1llalati kommunik\u00e1ci\u00f3s<br \/>\nKiemelt szak\u00e9rtelem: branding, business development, trendkutat\u00e1s, innov\u00e1ci\u00f3, shopper marketing, FMCG \u00e9s farma szektor<\/p>\n\n\t\t\t\t <div class=\"member-social-icon\"><\/div><div class=\"clear\"><\/div><\/div><\/div><\/div><\/div><div class=\"team_column\"><div class=\"hover panel\"><div class=\"front\"><div class=\"box1\"><a href=\"https:\/\/www.decodegroup.hu\/en\/our-team\/team-name-3\/\"><img decoding=\"async\" src=\"https:\/\/www.decodegroup.hu\/wp-content\/uploads\/2023\/01\/team-tamasi-brigitta.jpeg\" alt=\" \" \/><\/a><\/div><\/div>\n\t\t\t\t<div class=\"back\"><div class=\"box2\"><h5><a href=\"https:\/\/www.decodegroup.hu\/en\/our-team\/team-name-3\/\" title=\"Tam\u00e1si Brigitta\">Tam\u00e1si Brigitta<\/a><\/h5>\n\t\t\t\t<span class=\"member-designation\">P\u00e9nz\u00fcgyi felel\u0151s<\/span>\n\t\t\t\t \n\t\t\t\t <div class=\"member-social-icon\"><\/div><div class=\"clear\"><\/div><\/div><\/div><\/div><\/div><div class=\"team_column last\"><div class=\"hover panel\"><div class=\"front\"><div class=\"box1\"><a href=\"https:\/\/www.decodegroup.hu\/en\/our-team\/team-name-4\/\"><img decoding=\"async\" src=\"https:\/\/www.decodegroup.hu\/wp-content\/uploads\/2023\/01\/Anna.jpg\" alt=\" \" \/><\/a><\/div><\/div>\n\t\t\t\t<div class=\"back\"><div class=\"box2\"><h5><a href=\"https:\/\/www.decodegroup.hu\/en\/our-team\/team-name-4\/\" title=\"Nagy Anna\">Nagy Anna<\/a><\/h5>\n\t\t\t\t<span class=\"member-designation\">Art Director<\/span>\n\t\t\t\t <p>20 \u00e9v tapaszalat helyi \u00e9s nemzetk\u00f6zi \u00fcgyfeleken<br \/>\nKiemelt szak\u00e9rtelem: retail, FMCG, farma szektor, pr\u00e9mium branding, luxuscikkek<br \/>\nD\u00edjak: EFFIE, ARC, Promotion of the Year, Hipn\u00f3zis\u2026.<\/p>\n\n\t\t\t\t <div class=\"member-social-icon\"><\/div><div class=\"clear\"><\/div><\/div><\/div><\/div><\/div><div class=\"team_column\"><div class=\"hover panel\"><div class=\"front\"><div class=\"box1\"><a href=\"https:\/\/www.decodegroup.hu\/en\/our-team\/csernak-akos\/\"><img decoding=\"async\" src=\"https:\/\/www.decodegroup.hu\/wp-content\/uploads\/2023\/01\/Akos.jpg\" alt=\" \" \/><\/a><\/div><\/div>\n\t\t\t\t<div class=\"back\"><div class=\"box2\"><h5><a href=\"https:\/\/www.decodegroup.hu\/en\/our-team\/csernak-akos\/\" title=\"Csern\u00e1k \u00c1kos\">Csern\u00e1k \u00c1kos<\/a><\/h5>\n\t\t\t\t<span class=\"member-designation\">Graphic Designer<\/span>\n\t\t\t\t <p>16 \u00e9v tapaszalat a koncepci\u00f3kidolgoz\u00e1st\u00f3l a lead\u00e1sig<br \/>\n5 \u00e9v tapasztalat term\u00e9kfot\u00f3z\u00e1sban<\/p>\n\n\t\t\t\t <div class=\"member-social-icon\"><\/div><div class=\"clear\"><\/div><\/div><\/div><\/div><\/div><div class=\"team_column\"><div class=\"hover panel\"><div class=\"front\"><div class=\"box1\"><a href=\"https:\/\/www.decodegroup.hu\/en\/our-team\/sepeghy-balazs\/\"><img decoding=\"async\" src=\"https:\/\/www.decodegroup.hu\/wp-content\/uploads\/2023\/01\/Balazs.jpg\" alt=\" \" \/><\/a><\/div><\/div>\n\t\t\t\t<div class=\"back\"><div class=\"box2\"><h5><a href=\"https:\/\/www.decodegroup.hu\/en\/our-team\/sepeghy-balazs\/\" title=\"Sepeghy Bal\u00e1zs\">Sepeghy Bal\u00e1zs<\/a><\/h5>\n\t\t\t\t<span class=\"member-designation\">TV Producer<\/span>\n\t\t\t\t <p>25 \u00e9v tapasztalat hazai \u00e9s nemzetk\u00f6zi \u00fcgyfelekkel<br \/>\nKiemelt szak\u00e9rtelem: kreat\u00edv filmgy\u00e1rt\u00e1s<\/p>\n\n\t\t\t\t <div class=\"member-social-icon\"><\/div><div class=\"clear\"><\/div><\/div><\/div><\/div><\/div><div class=\"clear\"><\/div><\/div>\n\n\n\n<h2 class=\"wp-block-heading\">\u00c9RT\u00c9KEINK<\/h2>\n\n\n\n<div class=\"wp-block-columns is-layout-flex wp-container-core-columns-is-layout-9d6595d7 wp-block-columns-is-layout-flex\">\n<div class=\"wp-block-column row ertekeink has-background is-layout-flow wp-block-column-is-layout-flow\" style=\"background-color:#00b6b2\"><div class=\"col-xs-12 col-md-6 servicesListItem\">\n\t\t     \t   \t<div class=\"iconBox\"><img decoding=\"async\" src=\"\/wp-content\/uploads\/2023\/01\/strategiai-gondolkodas.png\" ><\/div>\n\t\t\t\t\t\t\t<div class=\"descBox\"><h3>STRAT\u00c9GIA<\/h3>Ha \u201ecsak\u201d strat\u00e9gi\u00e1ra van sz\u00fcks\u00e9ged, akkor is \u00f6r\u00f6mmel \u00e1llunk rendelkez\u00e9sedre!<\/div>\n\t\t\t\t\t<\/div>\n<div class=\"col-xs-12 col-md-6 servicesListItem\">\n\t\t     \t   \t<div class=\"iconBox\"><img decoding=\"async\" src=\"\/wp-content\/uploads\/2023\/01\/kreativitas-trendek.png\" ><\/div>\n\t\t\t\t\t\t\t<div class=\"descBox\"><h3>KREATIVIT\u00c1S <\/h3>B\u00edzd r\u00e1nk, hogy a m\u00e1rk\u00e1d kiemelkedjen a konkurensek k\u00f6z\u00fcl!<\/p>\n<p><\/div>\n\t\t\t\t\t<\/div>\n<div class=\"col-xs-12 col-md-6 servicesListItem\">\n\t\t     \t   \t<div class=\"iconBox\"><img decoding=\"async\" src=\"\/wp-content\/uploads\/2023\/01\/gyorsasag-precizitas.png\" ><\/div>\n\t\t\t\t\t\t\t<div class=\"descBox\"><h3>GYORSAS\u00c1G<\/h3>Mert tudjuk, hogy sokszor m\u00e1r az azonnal is t\u00fal k\u00e9s\u0151.<\/p>\n<p><\/div>\n\t\t\t\t\t<\/div>\n<div class=\"col-xs-12 col-md-6 servicesListItem\">\n\t\t     \t   \t<div class=\"iconBox\"><img decoding=\"async\" src=\"\/wp-content\/uploads\/2023\/01\/koltseghatekonysag.png\" ><\/div>\n\t\t\t\t\t\t\t<div class=\"descBox\"><h3>K\u00d6LTS\u00c9GHAT\u00c9KONYS\u00c1G<\/h3>Szak\u00e9rtelm\u00fcnknek k\u00f6sz\u00f6nhet\u0151en t\u00f6bbet kapsz, mint gondoln\u00e1d \u2013 saj\u00e1tos modell\u00fcnknek k\u00f6sz\u00f6nhet\u0151en pedig kevesebb\u00e9rt, mint gondoln\u00e1d.<\/p>\n<p><\/div>\n\t\t\t\t\t<\/div>\n<\/div>\n<\/div>\n\n\n\n<h2 class=\"wp-block-heading\">R\u00d3LUNK MONDT\u00c1K<\/h2>\n\n\n\n<div class=\"wp-block-columns is-layout-flex wp-container-core-columns-is-layout-9d6595d7 wp-block-columns-is-layout-flex\">\n<div class=\"wp-block-column testimonials has-black-background-color has-background is-layout-flow wp-block-column-is-layout-flow\"><div id=\"clienttestiminials\"><div class=\"owl-carousel\">\n\t\t\t\t <div class=\"item\">\n\t\t\t\t <!--<i class=\"fas fa-quote-left\"><\/i>-->\n <p>Tin\u00e1t t\u00f6bb \u00e9ve ismerem, \u0151 inspir\u00e1lta \u00e9s dolgozta ki a k\u00e9t bor m\u00e1rk\u00e1nk, a Holdv\u00f6lgy \u00e9s a Hold&amp;Hollo teljes marketing-kommunik\u00e1ci\u00f3s\u00a0bevezet\u00e9s\u00e9t, amelyek m\u00e1ra nagy sikert\u00a0k\u00f6nyvelhetnek el nemcsak Magyarorsz\u00e1gon, hanem nemzetk\u00f6zileg is. Tina egy igazi brand thinker, kiemelked\u0151 a strat\u00e9giai gondolkod\u00e1sa, vizion\u00e1rius megl\u00e1t\u00e1sm\u00f3dja egyediv\u00e9 teszi a piacon. Csak aj\u00e1nlani tudom \u0151t \u00e9s csapat\u00e1t.<\/p>\n\n\t\t\t\t<h6>Demk\u00f3 Nat\u00e1lia<\/h6>\n\t\t\t\t <span>External Relations, Holdv\u00f6lgy Hungary<\/span>\n\t\t\t\t<\/div>\n\t\t\t\t <div class=\"item\">\n\t\t\t\t <!--<i class=\"fas fa-quote-left\"><\/i>-->\n <p>Tin\u00e1val \u00e9s csapat\u00e1val a k\u00f6z\u00f6s munka mindig is egy \u00e9lm\u00e9ny volt. \u00c9rtik, meg\u00e9rtik \u00e9s kiszolg\u00e1lj\u00e1k \u00fcgyfeleik ig\u00e9nyeit, m\u00e9g ha az elvetem\u00fclt \u00f6tletekkel is \u00e1ll el\u0151l. A lehetetlen fogalm\u00e1t nem ismerik. Nem probl\u00e9m\u00e1t l\u00e1tnak egy kih\u00edv\u00e1st jelent\u0151 feladatban, hanem a lehet\u0151s\u00e9get. Mind szakmailag, mind emberileg a legmegb\u00edzhat\u00f3bb \u00e9s legprofibb csapat, akikkel egy\u00fctt dolgoztam.<\/p>\n\n\t\t\t\t<h6>Ill\u00e9s M\u00f3nika<\/h6>\n\t\t\t\t <span>Affidea marketing manager<\/span>\n\t\t\t\t<\/div>\n\t\t\t\t <div class=\"item\">\n\t\t\t\t <!--<i class=\"fas fa-quote-left\"><\/i>-->\n <p>2000 \u00f3ta dolgozom Tin\u00e1val. A jelenlegi c\u00e9gemn\u00e9l \u00e1ltalam ker\u00fclt be a De Code Group a tendermegh\u00edv\u00e1sra, amit magas f\u00f6l\u00e9nnyel nyert. Tin\u00e1t a legjobb strat\u00e9giai gondolkod\u00e1s\u00fa marketingszakembernek tartom. Szem\u00e9lye garancia sz\u00e1momra a kreativit\u00e1sra, min\u0151s\u00e9gi munk\u00e1ra. Nem csak strat\u00e9gi\u00e1ban, kreat\u00edv \u00f6tletekben er\u0151sek, de a rekl\u00e1mjaik hat\u00e9konyak is, az \u00e9rt\u00e9kes\u00edt\u00e9s\u00fcnk n\u00f6veked\u00e9s\u00e9hez jelent\u0151sen hozz\u00e1j\u00e1rultak\/nak.\u201d<\/p>\n\n\t\t\t\t<h6>Horv\u00e1th Gabriella<\/h6>\n\t\t\t\t <span>Richter Gedeon Zrt. senior term\u00e9kmenedzser<\/span>\n\t\t\t\t<\/div><\/div><\/div>\n<\/div>\n<\/div>\n","protected":false},"excerpt":{"rendered":"<p>AVAGY \u00cdGY DOLGOZUNK MI A DeCode Group rekl\u00e1m\u00fcgyn\u00f6ks\u00e9g 2013-ben ker\u00fclt megalap\u00edt\u00e1sra. T\u00f6bb mint 25 \u00e9ves tapasztalattal rendelkez\u00fcnk a hazai \u00e9s nemzetk\u00f6zi rekl\u00e1m- \u00e9s kommunik\u00e1ci\u00f3s szakm\u00e1ban. Hisz\u00fcnk benne, hogy naponta v\u00e1ltoz\u00f3 vil\u00e1gunkban strat\u00e9giailag j\u00f3l megalapozott, adatokra \u00e9p\u00fcl\u0151 megold\u00e1sokat kell ny\u00fajtanunk \u00fcgyfeleinknek, mivel a m\u00e1rka csak \u00edgy tarthat l\u00e9p\u00e9st a fogyaszt\u00f3k \u00e9s v\u00e1s\u00e1rl\u00f3k gyorsan v\u00e1ltoz\u00f3 ig\u00e9nyeivel. Olyan \u00fcgyn\u00f6ks\u00e9gi modellt \u00e9p\u00edtett\u00fcnk fel, amely flexibilis \u00e9s az ig\u00e9nyek szerint alak\u00edthat\u00f3, de egyben rendk\u00edv\u00fcl k\u00f6lts\u00e9ghat\u00e9kony is. Szak\u00e9rtelemben a legnagyobb \u00fcgyn\u00f6ks\u00e9gek sem k\u00f6r\u00f6zhetnek le minket, ugyanakkor nem cipelj\u00fck a nagy szervezetek k\u00f6lts\u00e9geit \u2013 \u00edgy tudunk nemcsak szakmai, hanem k\u00f6lts\u00e9ghat\u00e9konys\u00e1g szempontj\u00e1b\u00f3l is kimagasl\u00f3t ny\u00fajtani \u00fcgyfeleink sz\u00e1m\u00e1ra. \u00d6nc\u00e9l\u00fa&#8230; <\/p>\n","protected":false},"author":1,"featured_media":0,"parent":0,"menu_order":0,"comment_status":"closed","ping_status":"closed","template":"template-full-width.php","meta":{"footnotes":""},"class_list":["post-210","page","type-page","status-publish","hentry"],"_links":{"self":[{"href":"https:\/\/www.decodegroup.hu\/en\/wp-json\/wp\/v2\/pages\/210","targetHints":{"allow":["GET"]}}],"collection":[{"href":"https:\/\/www.decodegroup.hu\/en\/wp-json\/wp\/v2\/pages"}],"about":[{"href":"https:\/\/www.decodegroup.hu\/en\/wp-json\/wp\/v2\/types\/page"}],"author":[{"embeddable":true,"href":"https:\/\/www.decodegroup.hu\/en\/wp-json\/wp\/v2\/users\/1"}],"replies":[{"embeddable":true,"href":"https:\/\/www.decodegroup.hu\/en\/wp-json\/wp\/v2\/comments?post=210"}],"version-history":[{"count":28,"href":"https:\/\/www.decodegroup.hu\/en\/wp-json\/wp\/v2\/pages\/210\/revisions"}],"predecessor-version":[{"id":754,"href":"https:\/\/www.decodegroup.hu\/en\/wp-json\/wp\/v2\/pages\/210\/revisions\/754"}],"wp:attachment":[{"href":"https:\/\/www.decodegroup.hu\/en\/wp-json\/wp\/v2\/media?parent=210"}],"curies":[{"name":"wp","href":"https:\/\/api.w.org\/{rel}","templated":true}]}}